{"id":1478,"date":"2024-12-20T11:09:32","date_gmt":"2024-12-20T10:09:32","guid":{"rendered":"https:\/\/www.anton-knoll.de\/protection-des-donnees\/"},"modified":"2025-06-03T11:44:10","modified_gmt":"2025-06-03T09:44:10","slug":"protection-des-donnees","status":"publish","type":"page","link":"https:\/\/www.anton-knoll.de\/fr\/protection-des-donnees\/","title":{"rendered":"Datenschutz"},"content":{"rendered":"<p>[et_pb_section fb_built=\u00a0\u00bb1&Prime; admin_label=\u00a0\u00bbHeader\u00a0\u00bb _builder_version=\u00a0\u00bb4.25.1&Prime; _module_preset=\u00a0\u00bb7643c97a-ec3e-4c15-9e26-ae94dfe0ddbb\u00a0\u00bb locked=\u00a0\u00bboff\u00a0\u00bb global_colors_info=\u00a0\u00bb{}\u00a0\u00bb][et_pb_row admin_label=\u00a0\u00bbNavigation\u00a0\u00bb _builder_version=\u00a0\u00bb4.25.1&Prime; _module_preset=\u00a0\u00bb2af89336-8309-42b8-8844-f11320a1f75c\u00a0\u00bb background_enable_color=\u00a0\u00bboff\u00a0\u00bb width=\u00a0\u00bb100%\u00a0\u00bb max_width=\u00a0\u00bbunset\u00a0\u00bb custom_margin=\u00a0\u00bb0px||0px||true|false\u00a0\u00bb custom_padding=\u00a0\u00bb0px||0px||false|false\u00a0\u00bb custom_css_free_form=\u00a0\u00bbselector {||  margin-left: calc(((100vw &#8211; 1200px) \/ 2));||  width: calc(100vw &#8211; ((100vw &#8211; 1200px) \/ 2)) !important;||  max-width: unset !important;||}||selector:before {||  content: \u00a0\u00bb;||  position: absolute;||  right: 0;||  top: 0;||  width: 100vw;||  height: 300px;||  background-image: linear-gradient(180deg, rgba(255,255,255,1) 0%, rgba(255,255,255,0) 100%);||}||||@media only screen and (max-width: 1400px)||{||  selector {||    margin-left: 7vw;||    width: 93vw !important;||  }||}\u00a0\u00bb global_module=\u00a0\u00bb818&Prime; saved_tabs=\u00a0\u00bball\u00a0\u00bb global_colors_info=\u00a0\u00bb{}\u00a0\u00bb][et_pb_column type=\u00a0\u00bb4_4&Prime; _builder_version=\u00a0\u00bb4.25.1&Prime; _module_preset=\u00a0\u00bb6db0ea47-1160-4fdd-9959-810f07fb3114&Prime; custom_css_free_form=\u00a0\u00bbselector {||  display: flex;||}\u00a0\u00bb global_colors_info=\u00a0\u00bb{}\u00a0\u00bb][et_pb_image src=\u00a0\u00bbhttps:\/\/www.anton-knoll.de\/wp-content\/uploads\/2024\/12\/logo-knoll.png\u00a0\u00bb alt=\u00a0\u00bbLogo \/ Anton Knoll &#8211; Engrais\u00a0\u00bb title_text=\u00a0\u00bblogo-knoll\u00a0\u00bb url=\u00a0\u00bb@ET-DC@eyJkeW5hbWljIjp0cnVlLCJjb250ZW50IjoiaG9tZV91cmwiLCJzZXR0aW5ncyI6eyJlbmFibGVfaHRtbCI6Im9mZiJ9fQ==@\u00a0\u00bb admin_label=\u00a0\u00bbLogo\u00a0\u00bb _builder_version=\u00a0\u00bb4.27.4&Prime; _dynamic_attributes=\u00a0\u00bburl\u00a0\u00bb _module_preset=\u00a0\u00bbdefault\u00a0\u00bb z_index=\u00a0\u00bb10&Prime; width=\u00a0\u00bb280px\u00a0\u00bb width_tablet=\u00a0\u00bb220px\u00a0\u00bb width_phone=\u00a0\u00bb\u00a0\u00bb width_last_edited=\u00a0\u00bbon|phone\u00a0\u00bb custom_margin=\u00a0\u00bb||0px||false|false\u00a0\u00bb animation_style=\u00a0\u00bbfade\u00a0\u00bb global_colors_info=\u00a0\u00bb{}\u00a0\u00bb filter_opacity__hover_enabled=\u00a0\u00bbon|desktop\u00a0\u00bb filter_opacity__hover=\u00a0\u00bb85%\u00a0\u00bb][\/et_pb_image][et_pb_menu menu_id=\u00a0\u00bb3&Prime; active_link_color=\u00a0\u00bb#FF6E00&Prime; dropdown_menu_bg_color=\u00a0\u00bb#FFFFFF\u00a0\u00bb dropdown_menu_text_color=\u00a0\u00bb#3C3C3C\u00a0\u00bb dropdown_menu_active_link_color=\u00a0\u00bb#FF6E00&Prime; mobile_menu_bg_color=\u00a0\u00bbRGBA(255,255,255,0)\u00a0\u00bb mobile_menu_text_color=\u00a0\u00bb#3C3C3C\u00a0\u00bb menu_icon_color=\u00a0\u00bb#FFFFFF\u00a0\u00bb _builder_version=\u00a0\u00bb4.27.4&Prime; _module_preset=\u00a0\u00bbdefault\u00a0\u00bb menu_font=\u00a0\u00bb|800||on|||||\u00a0\u00bb menu_text_color=\u00a0\u00bb#3C3C3C\u00a0\u00bb menu_font_size=\u00a0\u00bb15px\u00a0\u00bb menu_letter_spacing=\u00a0\u00bb1px\u00a0\u00bb background_enable_color=\u00a0\u00bboff\u00a0\u00bb custom_margin=\u00a0\u00bb0px||0px||true|false\u00a0\u00bb animation_style=\u00a0\u00bbfade\u00a0\u00bb animation_direction=\u00a0\u00bbtop\u00a0\u00bb custom_css_free_form=\u00a0\u00bb||\/* GRID *\/||||selector {||  flex-grow: 1;||}||||\/* MENU DESKTOP *\/||||selector .et_pb_menu__menu,||selector .et-menu-nav,||selector .et-menu {||\tflex-grow: 1;||}||selector .et-menu {||\tdisplay: flex;||\tjustify-content: space-around !important;||\tmargin: 0;||  \tmax-width: 1600px;||}||selector li a {||\tline-height: 1 !important;||}||selector .et-menu-nav {||  padding: 44px 30px 0 30px;||}||selector .et-menu-nav .et-menu li {||\tpadding-top: 20px;||\tpadding-bottom: 20px;||\tmargin: 0;||}||selector .et-menu-nav .et-menu li a {||\tpadding-bottom: 0;||}||selector .et-menu-nav .et-menu li.contact {||\tpadding-top: 0;||\tpadding-bottom: 0;||}||selector .et-menu-nav .et-menu li.contact a {||\tcolor: #fff !important;||\tbackground: #ff6e00;||\tpadding: 20px 55px 20px 30px;||\ttransition: all 300ms ease 0ms;||}||selector .et-menu-nav .et-menu li.contact a:hover {||\tbackground: #ff8426;||}||selector .et-menu-nav .et-menu li.contact a:after {||\tline-height: inherit;||    font-size: inherit !important;||    opacity: 1;||    margin-left: .3em;||    left: auto;||    font-family: ETmodules !important;||    font-weight: 400 !important;||\tposition: absolute;||\ttransform: scale(1.4);||    margin-left: 10px !important;||\tcontent: &lsquo;$&rsquo;;||}||||\/* Sprachschalter *\/||||selector li.wpml-ls-item a {||\tpadding-left: 30px !important;||\tposition: relative;||}||selector li.wpml-ls-item a:before {||\tcontent: \u00a0\u00bb;||\tposition: absolute;||\tleft: 0;||\ttop: 50%;||\tmargin-top: -11px;||\twidth: 22px;||\theight: 22px;||    border-radius: 50%;||    -webkit-border-radius: 50%;||    -moz-border-radius: 50%;||\tbackground-size: 22px 22px;||\tbox-shadow: 0px 0px 1px 1px rgba(0,0,0,.2);||}||selector li.wpml-ls-item.wpml-ls-item-de a:before {||\tbackground-image: url(\/wp-content\/uploads\/2025\/04\/flag_de.png);||}||selector li.wpml-ls-item.wpml-ls-item-en a:before {||\tbackground-image: url(\/wp-content\/uploads\/2025\/04\/flag_gb.png);||}||selector li.wpml-ls-item.wpml-ls-item-fr a:before {||\tbackground-image: url(\/wp-content\/uploads\/2025\/04\/flag_fr.png);||}||selector li.wpml-ls-item.wpml-ls-item-cs a:before {||\tbackground-image: url(\/wp-content\/uploads\/2025\/04\/flag_cs.png);||}||selector li.wpml-ls-item.wpml-ls-item-pl a:before {||\tbackground-image: url(\/wp-content\/uploads\/2025\/04\/flag_pl.png);||}||selector li.wpml-ls-item.wpml-ls-item-nl a:before {||\tbackground-image: url(\/wp-content\/uploads\/2025\/04\/flag_nl.png);||}||||\/* Submenu *\/||||selector .et-menu-nav .et-menu ul.sub-menu {||\ttop: 100% !important;||\tborder: none;||\twidth: 260px;||\tleft: -13px;||\tpadding: 9px 24px;||\tbackground: #fff !important;||}||selector .et-menu-nav .et-menu li.wpml-ls-item ul.sub-menu {||\twidth: 110px;||}||||selector .et-menu-nav .et-menu ul.sub-menu li {||\tbackground: none !important;||\tpadding: 0;||\tborder-top: 1px solid rgba(0,75,75,0.1);||\tdisplay: block !important;||}||selector .et-menu-nav .et-menu ul.sub-menu li:first-child {||\tborder: none;||}||selector .et-menu-nav .et-menu ul.sub-menu li a {||\tpadding: 15px 0;||\tbackground: none !important;||\tfont-weight: 400 !important;||\topacity: 1 !important;||\tline-height: 1.2;||\ttext-transform: unset;||\tletter-spacing: unset;||\tfont-size: 17px;||\twidth: unset;||}||||\/* BREAKPOINT *\/||||@media only screen and (max-width: 1270px) ||{||\tselector .et_pb_menu__menu { ||\t\tdisplay: none; ||\t}||\tselector .et_mobile_nav_menu { ||\t\tdisplay: block; ||\t}\t||\tselector .et_pb_menu__wrap {||\t\tjustify-content: flex-end;||\t}||}||||\/* MOBILE MENU *\/||||selector .mobile_menu_bar {||    height: 59px;||    width: 59px;||    display: flex;||    flex-direction: column;||    justify-content: center;||    text-align: center;||\tbackground-color: #ff6e00;||\ttransition: all 300ms ease 0ms;||\tmargin: 42px 7vw;||}||selector .mobile_menu_bar:hover {||\tbackground-color: #ff8426;||}||selector .mobile_menu_bar:before {||\ttop: 1px;||}||selector .mobile_nav.opened .mobile_menu_bar:before {||\tcontent: &lsquo;M&rsquo; !important;||}||selector .et_mobile_nav_menu {||\tmargin: 0;||}||||@media only screen and (max-width: 980px) ||{||\tselector .mobile_menu_bar {||\t\theight: 40px;||\t\twidth: 40px;||\t\tmargin: 36px 7vw;||\t}||\tselector .mobile_menu_bar:before {||\t\tfont-size: 26px !important;||\t}||}||||\/* MOBILE MENU DROPDOWN *\/||||selector .et_mobile_menu {||\tborder: none;||\tlist-style: none;||\tpadding: 30px 0;||\ttext-align: left;||\tmin-height: 100vh;||\t-moz-box-shadow: none !important;||\t-webkit-box-shadow: none !important;||\tbox-shadow: none !important;||\tmargin-left: -280px;||\twidth: 86vw;||}||||@media only screen and (max-width: 980px) ||{||\tselector .et_mobile_menu {||\t\tmargin-left: -220px;||\t}||}||selector .mobile_nav:before {||\tcontent: \u00a0\u00bb;||\tposition: fixed;||\ttop: 0;||\tleft: 0;||\tright: 0;||\tmin-height: 1000vh;||\tz-index: -1;||\topacity: 0;||\ttransition: all .4s ease-in-out;||\tpointer-events: none;||\tbackground: rgba(255,255,255,.8);||\t-webkit-backdrop-filter: blur(10px);||\tbackdrop-filter: blur(10px);||}||selector .mobile_nav.opened:before {||\topacity: 1;||}||selector .et_mobile_menu li {||\tborder-top: 1px solid rgba(0,75,75,0.1);||}||selector .et_mobile_menu li:first-child {||\tborder-top: none;||}||selector .et_mobile_menu li a {||\tpadding: 16px 0;||\tdisplay: block;||\tbackground: none !important;||\topacity: 1 !important;||\tborder: none !important;||\tposition: relative;||}||selector .et_mobile_menu li.contact {||\tborder-top: none;||\tmargin-top: 10px;||}||selector .et_mobile_menu li.contact a {||\tcolor: #fff !important;||\tbackground: #ff6e00 !important;||\tpadding: 20px 55px 20px 30px !important;||\ttransition: all 300ms ease 0ms;||\tdisplay: block;||\ttext-align: center;||}||selector .et_mobile_menu li.contact a:hover {||\tbackground: #ff8426 !important;||\tcolor: #fff !important;||}||selector .et_mobile_menu li.contact a:after {||\tline-height: inherit;||    font-size: inherit !important;||    opacity: 1;||    margin-left: .3em;||    left: auto;||    font-family: ETmodules !important;||    font-weight: 400 !important;||\tposition: absolute;||\ttransform: scale(1.4);||    margin-left: 10px !important;||\tcontent: &lsquo;$&rsquo;;||}||||\/* Submenue *\/||||selector .et_mobile_menu li ul.sub-menu {||\ttext-align: left;||\tpadding: 0;||\tlist-style: none !important;||}||selector .et_mobile_menu li ul.sub-menu li {||\tpadding-left: 0;||\tmargin-left: 30px;||}||selector .et_mobile_menu li ul.sub-menu li a {||\ttext-transform: unset;||\tletter-spacing: unset;||\tfont-size: 17px;||\tfont-weight: 400;||\tcolor: #004b4b !important;||}||selector .et_mobile_menu li ul.sub-menu li a:hover,||selector li.current_page_item a {||\tcolor: #ff6e00 !important;||}||selector .et_mobile_menu li.current-menu-item.contact a {||\tcolor: #fff !important;||}||selector .et_mobile_menu li ul.sub-menu li a:after {||\tdisplay: none;||}||selector .et_mobile_menu .menu-item-has-children a {||\tpadding-right: 18px !important;||}||selector .et_mobile_menu .menu-item-has-children a:after {||\tfont-family: &lsquo;ETmodules&rsquo;;||\ttext-align: center;||\tspeak: none;||\tfont-weight: normal;||\tfont-variant: normal;||\ttext-transform: none;||\t-webkit-font-smoothing: antialiased;||\tposition: absolute;||\tfont-size: 17px;||\tcontent: &lsquo;3&rsquo;;||\ttop: 15px;||\tright: 0;||}||selector .et_mobile_menu .menu-item-has-children.wpml-ls-item a {||\tpadding-left: 0px !important;||\tpadding-right: 48px !important;||}||selector .et_mobile_menu .menu-item-has-children.wpml-ls-item a:before {||\tleft: unset;||\tright: 25px;||}||selector .et_mobile_menu .menu-item-has-children.visible a:after {||\t\tcontent: &lsquo;2&rsquo;;||}||selector .et_mobile_menu ul.sub-menu {||\tmax-height: 0px !important;||\tdisplay: block !important;||\tvisibility: hidden !important;||\topacity: 0 !important;||\t-webkit-transition: all .2s ease-in-out;||\t-moz-transition: all .2s ease-in-out;||\ttransition: all .2s ease-in-out;||}||selector .et_mobile_menu .visible ul.sub-menu {||\tmax-height: 1000px !important;||\tdisplay: block !important;||\tvisibility: visible !important;||\topacity: 1 !important;||}||selector.et_pb_menu ul li.current-menu-parent a,||selector.et_pb_menu ul li.current-page-ancestor a {||\tcolor: #ff6e00 !important;||}\u00a0\u00bb global_colors_info=\u00a0\u00bb{}\u00a0\u00bb menu_text_color__hover_enabled=\u00a0\u00bbon|desktop\u00a0\u00bb menu_text_color__hover=\u00a0\u00bb#FF6E00&Prime; dropdown_menu_text_color__hover_enabled=\u00a0\u00bbon|desktop\u00a0\u00bb dropdown_menu_text_color__hover=\u00a0\u00bb#FF6E00&Prime;][\/et_pb_menu][\/et_pb_column][\/et_pb_row][\/et_pb_section][et_pb_section fb_built=\u00a0\u00bb1&Prime; admin_label=\u00a0\u00bbSection\u00a0\u00bb _builder_version=\u00a0\u00bb4.25.1&Prime; _module_preset=\u00a0\u00bb1cefa211-1d44-40fe-af96-46e61564f5f2&Prime; global_colors_info=\u00a0\u00bb{}\u00a0\u00bb][et_pb_row _builder_version=\u00a0\u00bb4.25.1&Prime; _module_preset=\u00a0\u00bb5598b0a6-bd18-4b06-b7ef-d47a23faf1ae\u00a0\u00bb global_colors_info=\u00a0\u00bb{}\u00a0\u00bb][et_pb_column type=\u00a0\u00bb4_4&Prime; _builder_version=\u00a0\u00bb4.25.1&Prime; _module_preset=\u00a0\u00bbdefault\u00a0\u00bb global_colors_info=\u00a0\u00bb{}\u00a0\u00bb][et_pb_text _builder_version=\u00a0\u00bb4.27.4&Prime; _module_preset=\u00a0\u00bbf949ee47-301b-40d0-8548-7d720493efe0&Prime; custom_margin=\u00a0\u00bb||||false|false\u00a0\u00bb hover_enabled=\u00a0\u00bb0&Prime; global_colors_info=\u00a0\u00bb{}\u00a0\u00bb header_text_color=\u00a0\u00bb#3C3C3C\u00a0\u00bb sticky_enabled=\u00a0\u00bb0&Prime;]<\/p>\n<h1>D\u00e9claration de confidentialit\u00e9<\/h1>\n<p>Les donn\u00e9es personnelles (ci-apr\u00e8s d\u00e9nomm\u00e9es principalement \u00ab donn\u00e9es \u00bb) ne sont trait\u00e9es par nos soins que dans la mesure n\u00e9cessaire et dans le but de fournir un site Internet fonctionnel et convivial, y compris son contenu et les services qui y sont propos\u00e9s.<\/p>\n<p>Conform\u00e9ment \u00e0 l&rsquo;article 4, point 1, du r\u00e8glement (UE) 2016\/679, c&rsquo;est-\u00e0-dire le r\u00e8glement g\u00e9n\u00e9ral sur la protection des donn\u00e9es (ci-apr\u00e8s d\u00e9nomm\u00e9 \u00ab RGPD \u00bb), on entend par \u00ab traitement \u00bb toute op\u00e9ration ou tout ensemble d&rsquo;op\u00e9rations effectu\u00e9es ou non \u00e0 l&rsquo;aide de proc\u00e9d\u00e9s automatis\u00e9s et appliqu\u00e9es \u00e0 des donn\u00e9es \u00e0 caract\u00e8re personnel, telles que la collecte, l&rsquo;enregistrement, l&rsquo;organisation, la structuration, la conservation, l&rsquo;adaptation ou la modification, l&rsquo;extraction, la consultation, l&rsquo;utilisation, la communication par transmission, la diffusion ou toute autre forme de mise \u00e0 disposition, le rapprochement ou l&rsquo;interconnexion, la limitation, l&rsquo;effacement ou la destruction.<\/p>\n<p>Par la pr\u00e9sente d\u00e9claration de protection des donn\u00e9es, nous vous informons notamment de la nature, de l&rsquo;\u00e9tendue, de la finalit\u00e9, de la dur\u00e9e et de la base juridique du traitement des donn\u00e9es \u00e0 caract\u00e8re personnel, dans la mesure o\u00f9 nous d\u00e9cidons seuls ou conjointement avec d&rsquo;autres des finalit\u00e9s et des moyens du traitement. En outre, nous vous informons ci-apr\u00e8s des composants tiers que nous utilisons \u00e0 des fins d&rsquo;optimisation et d&rsquo;am\u00e9lioration de la qualit\u00e9 d&rsquo;utilisation, dans la mesure o\u00f9 des tiers traitent ainsi des donn\u00e9es sous leur propre responsabilit\u00e9. <\/p>\n<p>Notre d\u00e9claration de protection des donn\u00e9es est structur\u00e9e comme suit :<\/p>\n<ul>\n<li><a href=\"#r1\">I. Informations nous concernant en tant que responsables<\/a><\/li>\n<li><a href=\"#r2\">II. Droits des utilisateurs et des personnes concern\u00e9es<\/a><\/li>\n<li><a href=\"#r3\">III. Informations sur le traitement des donn\u00e9es<\/a><\/li>\n<\/ul>\n<p>[\/et_pb_text][\/et_pb_column][\/et_pb_row][\/et_pb_section][et_pb_section fb_built=\u00a0\u00bb1&Prime; admin_label=\u00a0\u00bbSection\u00a0\u00bb module_id=\u00a0\u00bbr1&Prime; _builder_version=\u00a0\u00bb4.25.1&Prime; _module_preset=\u00a0\u00bb1cefa211-1d44-40fe-af96-46e61564f5f2&Prime; background_color=\u00a0\u00bb#F2F6F6&Prime; global_colors_info=\u00a0\u00bb{}\u00a0\u00bb][et_pb_row _builder_version=\u00a0\u00bb4.25.1&Prime; _module_preset=\u00a0\u00bb5598b0a6-bd18-4b06-b7ef-d47a23faf1ae\u00a0\u00bb global_colors_info=\u00a0\u00bb{}\u00a0\u00bb][et_pb_column type=\u00a0\u00bb4_4&Prime; _builder_version=\u00a0\u00bb4.25.1&Prime; _module_preset=\u00a0\u00bbdefault\u00a0\u00bb global_colors_info=\u00a0\u00bb{}\u00a0\u00bb][et_pb_text _builder_version=\u00a0\u00bb4.27.4&Prime; _module_preset=\u00a0\u00bbf949ee47-301b-40d0-8548-7d720493efe0&Prime; custom_margin=\u00a0\u00bb||||false|false\u00a0\u00bb hover_enabled=\u00a0\u00bb0&Prime; global_colors_info=\u00a0\u00bb{}\u00a0\u00bb header_2_text_color=\u00a0\u00bb#3C3C3C\u00a0\u00bb sticky_enabled=\u00a0\u00bb0&Prime;]<\/p>\n<h2>I. Informations nous concernant en tant que responsables<\/h2>\n<p>Le fournisseur responsable de ce site Internet au sens du droit de la protection des donn\u00e9es est :<\/p>\n<p>Anton Knoll GmbH &amp; Co. KG<br \/>Dorfstra\u00dfe 1<br \/>49744 Geeste-Bramhar<\/p>\n<p>T\u00e9l. 05963 \/ 98292-11<br \/>Fax 05963 \/ 98292-15<br \/><a href=\"mailto:info@anton-knoll.de\">info@anton-knoll.de<\/a><\/p>\n<p>[\/et_pb_text][\/et_pb_column][\/et_pb_row][\/et_pb_section][et_pb_section fb_built=\u00a0\u00bb1&Prime; admin_label=\u00a0\u00bbSection\u00a0\u00bb module_id=\u00a0\u00bbr2&Prime; _builder_version=\u00a0\u00bb4.25.1&Prime; _module_preset=\u00a0\u00bb1cefa211-1d44-40fe-af96-46e61564f5f2&Prime; global_colors_info=\u00a0\u00bb{}\u00a0\u00bb][et_pb_row _builder_version=\u00a0\u00bb4.25.1&Prime; _module_preset=\u00a0\u00bb5598b0a6-bd18-4b06-b7ef-d47a23faf1ae\u00a0\u00bb global_colors_info=\u00a0\u00bb{}\u00a0\u00bb][et_pb_column type=\u00a0\u00bb4_4&Prime; _builder_version=\u00a0\u00bb4.25.1&Prime; _module_preset=\u00a0\u00bbdefault\u00a0\u00bb global_colors_info=\u00a0\u00bb{}\u00a0\u00bb][et_pb_text _builder_version=\u00a0\u00bb4.25.1&Prime; _module_preset=\u00a0\u00bbf949ee47-301b-40d0-8548-7d720493efe0&Prime; custom_margin=\u00a0\u00bb||||false|false\u00a0\u00bb global_colors_info=\u00a0\u00bb{}\u00a0\u00bb]<\/p>\n<h2>II. Droits des utilisateurs et des personnes concern\u00e9es<\/h2>\n<p>En ce qui concerne le traitement des donn\u00e9es d\u00e9crit plus en d\u00e9tail ci-apr\u00e8s, les utilisateurs et les personnes concern\u00e9es ont le droit<\/p>\n<ul>\n<li>\u00e0 la confirmation que des donn\u00e9es les concernant sont trait\u00e9es, \u00e0 l&rsquo;information sur les donn\u00e9es trait\u00e9es, \u00e0 des informations compl\u00e9mentaires sur le traitement des donn\u00e9es ainsi qu&rsquo;\u00e0 des copies des donn\u00e9es (cf. \u00e9galement art. 15 RGPD) ;<\/li>\n<li>\u00e0 la rectification ou \u00e0 l&rsquo;ajout de donn\u00e9es inexactes ou incompl\u00e8tes (cf. \u00e9galement art. 16 RGPD) ;<\/li>\n<li>\u00e0 l&rsquo;effacement imm\u00e9diat des donn\u00e9es les concernant (cf. \u00e9galement art. 17 RGPD) ou, alternativement, dans la mesure o\u00f9 un traitement ult\u00e9rieur est n\u00e9cessaire conform\u00e9ment \u00e0 l&rsquo;art. 17 al. 3 RGPD, \u00e0 la limitation du traitement conform\u00e9ment \u00e0 l&rsquo;art. 18 RGPD ; <\/li>\n<li>\u00e0 la r\u00e9ception des donn\u00e9es les concernant et qu&rsquo;ils ont fournies, et \u00e0 la transmission de ces donn\u00e9es \u00e0 d&rsquo;autres fournisseurs\/responsables (cf. \u00e9galement art. 20 RGPD) ;<\/li>\n<li>\u00e0 d\u00e9poser une plainte aupr\u00e8s de l&rsquo;autorit\u00e9 de contr\u00f4le s&rsquo;ils estiment que les donn\u00e9es les concernant sont trait\u00e9es par le fournisseur en violation des dispositions relatives \u00e0 la protection des donn\u00e9es (cf. \u00e9galement art. 77 RGPD).<\/li>\n<\/ul>\n<p>En outre, le fournisseur est tenu d&rsquo;informer tous les destinataires auxquels des donn\u00e9es ont \u00e9t\u00e9 divulgu\u00e9es par le fournisseur de toute rectification ou suppression de donn\u00e9es ou de toute limitation du traitement effectu\u00e9e conform\u00e9ment aux articles 16, 17 paragraphe 1, 18 RGPD. Toutefois, cette obligation ne s&rsquo;applique pas si cette communication s&rsquo;av\u00e8re impossible ou implique un effort disproportionn\u00e9. Nonobstant ce qui pr\u00e9c\u00e8de, l&rsquo;utilisateur a le droit d&rsquo;\u00eatre inform\u00e9 de ces destinataires.   <\/p>\n<p><strong>De m\u00eame, conform\u00e9ment \u00e0 l&rsquo;article 21 du RGPD, les utilisateurs et les personnes concern\u00e9es ont le droit de s&rsquo;opposer au traitement futur des donn\u00e9es les concernant, dans la mesure o\u00f9 les donn\u00e9es sont trait\u00e9es par le fournisseur conform\u00e9ment \u00e0 l&rsquo;article 6, paragraphe 1, point f) du RGPD. Une opposition au traitement des donn\u00e9es \u00e0 des fins de prospection directe est notamment autoris\u00e9e.   <\/strong><\/p>\n<p>[\/et_pb_text][\/et_pb_column][\/et_pb_row][\/et_pb_section][et_pb_section fb_built=\u00a0\u00bb1&Prime; admin_label=\u00a0\u00bbSection\u00a0\u00bb module_id=\u00a0\u00bbr3&Prime; _builder_version=\u00a0\u00bb4.25.1&Prime; _module_preset=\u00a0\u00bb1cefa211-1d44-40fe-af96-46e61564f5f2&Prime; background_color=\u00a0\u00bb#F2F6F6&Prime; global_colors_info=\u00a0\u00bb{}\u00a0\u00bb][et_pb_row _builder_version=\u00a0\u00bb4.25.1&Prime; _module_preset=\u00a0\u00bb5598b0a6-bd18-4b06-b7ef-d47a23faf1ae\u00a0\u00bb global_colors_info=\u00a0\u00bb{}\u00a0\u00bb][et_pb_column type=\u00a0\u00bb4_4&Prime; _builder_version=\u00a0\u00bb4.25.1&Prime; _module_preset=\u00a0\u00bbdefault\u00a0\u00bb global_colors_info=\u00a0\u00bb{}\u00a0\u00bb][et_pb_text _builder_version=\u00a0\u00bb4.25.1&Prime; _module_preset=\u00a0\u00bbf949ee47-301b-40d0-8548-7d720493efe0&Prime; custom_margin=\u00a0\u00bb||||false|false\u00a0\u00bb global_colors_info=\u00a0\u00bb{}\u00a0\u00bb]<\/p>\n<h2>III. Informations sur le traitement des donn\u00e9es<\/h2>\n<p>Les donn\u00e9es trait\u00e9es lors de l&rsquo;utilisation de notre site Internet sont supprim\u00e9es ou bloqu\u00e9es d\u00e8s que la finalit\u00e9 de leur stockage dispara\u00eet, que la suppression des donn\u00e9es n&rsquo;est pas contraire aux obligations l\u00e9gales de conservation et qu&rsquo;aucune autre information n&rsquo;est fournie ci-apr\u00e8s concernant les diff\u00e9rentes proc\u00e9dures de traitement.<\/p>\n<h3>Gestionnaire de cookies<\/h3>\n<p>Pour obtenir le consentement \u00e0 l&rsquo;utilisation de cookies techniquement non n\u00e9cessaires sur le site Internet, le fournisseur utilise un gestionnaire de cookies.<\/p>\n<p>Lors de l&rsquo;acc\u00e8s au site Internet, un cookie contenant les informations de param\u00e9trage est d\u00e9pos\u00e9 sur le terminal de l&rsquo;utilisateur, de sorte que lors d&rsquo;une prochaine visite, la demande de consentement n&rsquo;est pas n\u00e9cessaire.<\/p>\n<p>Le cookie est n\u00e9cessaire pour obtenir le consentement l\u00e9gal de l&rsquo;utilisateur.<\/p>\n<p>L&rsquo;utilisateur peut emp\u00eacher ou mettre fin \u00e0 l&rsquo;installation des cookies en modifiant les param\u00e8tres de son navigateur.<\/p>\n<h3>Cookies<\/h3>\n<h4>a) Cookies de session\/Session-Cookies<\/h4>\n<p>Dans le cadre de notre pr\u00e9sence sur Internet, nous utilisons ce que l&rsquo;on appelle des cookies. Les cookies sont de petits fichiers texte ou d&rsquo;autres technologies de stockage qui sont d\u00e9pos\u00e9s et conserv\u00e9s sur votre terminal par le navigateur Internet que vous utilisez. Par le biais de ces cookies, certaines informations vous concernant sont trait\u00e9es dans une mesure individuelle, telles que vos donn\u00e9es de navigation ou de localisation, ou votre adresse IP.  <\/p>\n<p>Ce traitement rend notre pr\u00e9sence sur Internet plus conviviale, plus efficace et plus s\u00fbre, car il permet, par exemple, l&rsquo;affichage de notre site Internet dans diff\u00e9rentes langues ou l&rsquo;offre d&rsquo;une fonction de panier. <\/p>\n<p>La base juridique de ce traitement est l&rsquo;article 6, paragraphe 1, point b) du RGPD, dans la mesure o\u00f9 ces cookies traitent des donn\u00e9es pour l&rsquo;initiation ou l&rsquo;ex\u00e9cution d&rsquo;un contrat.<\/p>\n<p>Si le traitement ne sert pas \u00e0 l&rsquo;initiation ou \u00e0 l&rsquo;ex\u00e9cution d&rsquo;un contrat, notre int\u00e9r\u00eat l\u00e9gitime r\u00e9side dans l&rsquo;am\u00e9lioration de la fonctionnalit\u00e9 de notre pr\u00e9sence sur Internet. La base juridique est alors l&rsquo;article 6, paragraphe 1, point f) du RGPD.   <\/p>\n<p>Ces cookies de session sont supprim\u00e9s \u00e0 la fermeture de votre navigateur Internet.<\/p>\n<h4>b) Cookies de tiers<\/h4>\n<p>Le cas \u00e9ch\u00e9ant, des cookies d&rsquo;entreprises partenaires avec lesquelles nous collaborons \u00e0 des fins de publicit\u00e9, d&rsquo;analyse ou de fonctionnalit\u00e9s de notre pr\u00e9sence sur Internet sont \u00e9galement utilis\u00e9s dans le cadre de notre pr\u00e9sence sur Internet.<\/p>\n<p>Veuillez vous r\u00e9f\u00e9rer aux informations suivantes pour plus de d\u00e9tails \u00e0 ce sujet, notamment en ce qui concerne les finalit\u00e9s et les bases juridiques du traitement de ces cookies tiers.<\/p>\n<h4>c) Possibilit\u00e9 de suppression<\/h4>\n<p>Vous pouvez emp\u00eacher ou limiter l&rsquo;installation des cookies en param\u00e9trant votre navigateur Internet. Vous pouvez \u00e9galement supprimer \u00e0 tout moment les cookies d\u00e9j\u00e0 enregistr\u00e9s. Les \u00e9tapes et mesures n\u00e9cessaires \u00e0 cet effet d\u00e9pendent toutefois du navigateur Internet que vous utilisez concr\u00e8tement. En cas de questions, veuillez donc utiliser la fonction d&rsquo;aide ou la documentation de votre navigateur Internet ou vous adresser \u00e0 son fabricant ou \u00e0 son support. Dans le cas des cookies Flash, le traitement ne peut toutefois pas \u00eatre emp\u00each\u00e9 via les param\u00e8tres du navigateur. Vous devez alors modifier le param\u00e9trage de votre lecteur Flash. Les \u00e9tapes et mesures n\u00e9cessaires \u00e0 cet effet d\u00e9pendent \u00e9galement du lecteur Flash que vous utilisez concr\u00e8tement. En cas de questions, veuillez donc utiliser la fonction d&rsquo;aide ou la documentation de votre lecteur Flash ou vous adresser au fabricant ou au support utilisateur.       <\/p>\n<p>Si vous emp\u00eachez ou limitez l&rsquo;installation des cookies, il se peut toutefois que toutes les fonctionnalit\u00e9s de notre pr\u00e9sence sur Internet ne soient pas pleinement utilisables.<\/p>\n<h3>Demandes de contact \/ Possibilit\u00e9 de contact<\/h3>\n<p>Si vous nous contactez via un formulaire de contact ou par e-mail, les donn\u00e9es que vous fournissez seront utilis\u00e9es pour traiter votre demande. La fourniture des donn\u00e9es est n\u00e9cessaire pour traiter et r\u00e9pondre \u00e0 votre demande &#8211; sans leur mise \u00e0 disposition, nous ne pouvons pas r\u00e9pondre \u00e0 votre demande ou seulement de mani\u00e8re limit\u00e9e. <\/p>\n<p>La base juridique de ce traitement est l&rsquo;article 6, paragraphe 1, point b) du RGPD.  <\/p>\n<p>Vos donn\u00e9es seront supprim\u00e9es si votre demande a re\u00e7u une r\u00e9ponse d\u00e9finitive et si leur suppression n&rsquo;est pas contraire aux obligations l\u00e9gales de conservation, par exemple dans le cadre d&rsquo;une \u00e9ventuelle ex\u00e9cution ult\u00e9rieure du contrat. <\/p>\n<h3>Candidatures en ligne \/ Publication d&rsquo;offres d&#8217;emploi<\/h3>\n<p>Nous vous offrons la possibilit\u00e9 de postuler chez nous via notre pr\u00e9sence sur Internet. Dans le cadre de ces candidatures num\u00e9riques, vos donn\u00e9es de candidat et de candidature sont collect\u00e9es et trait\u00e9es par nos soins par voie \u00e9lectronique afin de traiter la proc\u00e9dure de candidature. <\/p>\n<p>La base juridique de ce traitement est l&rsquo;article 26, paragraphe 1, phrase 1 de la BDSG en liaison avec l&rsquo;article 88, paragraphe 1 du RGPD.  <\/p>\n<p>Si un contrat de travail est conclu \u00e0 l&rsquo;issue de la proc\u00e9dure de candidature, nous conservons les donn\u00e9es que vous nous avez transmises lors de votre candidature dans votre dossier personnel aux fins du processus habituel d&rsquo;organisation et d&rsquo;administration &#8211; ceci bien entendu dans le respect des obligations l\u00e9gales plus \u00e9tendues.<\/p>\n<p>La base juridique de ce traitement est \u00e9galement l&rsquo;article 26, paragraphe 1, phrase 1 de la BDSG en liaison avec l&rsquo;article 88, paragraphe 1 du RGPD.  <\/p>\n<p>En cas de rejet d&rsquo;une candidature, nous supprimons automatiquement les donn\u00e9es qui nous ont \u00e9t\u00e9 transmises deux mois apr\u00e8s la notification du rejet. La suppression n&rsquo;a toutefois pas lieu si les donn\u00e9es doivent \u00eatre conserv\u00e9es plus longtemps en raison de dispositions l\u00e9gales, par exemple en raison des obligations de preuve pr\u00e9vues par la loi sur l&rsquo;\u00e9galit\u00e9 de traitement (AGG), pour une dur\u00e9e pouvant aller jusqu&rsquo;\u00e0 quatre mois ou jusqu&rsquo;\u00e0 la conclusion d&rsquo;une proc\u00e9dure judiciaire.  <\/p>\n<p>La base juridique dans ce cas est l&rsquo;article 6, paragraphe 1, point f) du RGPD et l&rsquo;article 24, paragraphe 1, point 2 de la BDSG. Notre int\u00e9r\u00eat l\u00e9gitime r\u00e9side dans la d\u00e9fense ou la mise en \u0153uvre de nos droits.    <\/p>\n<p>Dans l&rsquo;\u00e9ventualit\u00e9 o\u00f9 vous consentez express\u00e9ment \u00e0 une conservation prolong\u00e9e de vos donn\u00e9es, par exemple pour votre inclusion dans une base de donn\u00e9es de candidats ou de personnes int\u00e9ress\u00e9es, les donn\u00e9es seront trait\u00e9es ult\u00e9rieurement sur la base de votre consentement. La base juridique est alors l&rsquo;article 6, paragraphe 1, point a) du RGPD. Vous pouvez naturellement r\u00e9voquer votre consentement \u00e0 tout moment conform\u00e9ment \u00e0 l&rsquo;article 7, paragraphe 3 du RGPD par une d\u00e9claration \u00e0 notre \u00e9gard avec effet pour l&rsquo;avenir.      <\/p>\n<h3>Donn\u00e9es du serveur<\/h3>\n<p>Pour des raisons techniques, notamment afin de garantir un site Internet s\u00fbr et stable, des donn\u00e9es sont transmises par votre navigateur Internet \u00e0 nous ou \u00e0 notre fournisseur d&rsquo;h\u00e9bergement Web. Ces fichiers journaux du serveur collectent, entre autres, le type et la version de votre navigateur Internet, le syst\u00e8me d&rsquo;exploitation, le site Web \u00e0 partir duquel vous avez acc\u00e9d\u00e9 \u00e0 notre site Internet (URL de r\u00e9f\u00e9rence), le(s) site(s) Web de notre pr\u00e9sence Internet que vous visitez, la date et l&rsquo;heure de l&rsquo;acc\u00e8s respectif ainsi que l&rsquo;adresse IP de la connexion Internet \u00e0 partir de laquelle l&rsquo;utilisation de notre site Internet est effectu\u00e9e. <\/p>\n<p>Ces donn\u00e9es ainsi collect\u00e9es sont temporairement stock\u00e9es, mais pas conjointement avec d&rsquo;autres donn\u00e9es vous concernant.<\/p>\n<p>Ce stockage est effectu\u00e9 sur la base juridique de l&rsquo;article 6, paragraphe 1, point f) du RGPD. Notre int\u00e9r\u00eat l\u00e9gitime r\u00e9side dans l&rsquo;am\u00e9lioration, la stabilit\u00e9, la fonctionnalit\u00e9 et la s\u00e9curit\u00e9 de notre site Internet.   <\/p>\n<p>Les donn\u00e9es sont supprim\u00e9es au plus tard apr\u00e8s sept jours, sauf si une conservation plus longue est n\u00e9cessaire \u00e0 des fins de preuve. Dans le cas contraire, les donn\u00e9es sont partiellement ou totalement exclues de la suppression jusqu&rsquo;\u00e0 la clarification d\u00e9finitive d&rsquo;un incident. <\/p>\n<p>[\/et_pb_text][\/et_pb_column][\/et_pb_row][\/et_pb_section][et_pb_section fb_built=\u00a0\u00bb1&Prime; admin_label=\u00a0\u00bbSection\u00a0\u00bb module_id=\u00a0\u00bbr3&Prime; _builder_version=\u00a0\u00bb4.27.4&Prime; _module_preset=\u00a0\u00bb1cefa211-1d44-40fe-af96-46e61564f5f2&Prime; background_color=\u00a0\u00bb#FFFFFF\u00a0\u00bb global_colors_info=\u00a0\u00bb{}\u00a0\u00bb][et_pb_row _builder_version=\u00a0\u00bb4.25.1&Prime; _module_preset=\u00a0\u00bb5598b0a6-bd18-4b06-b7ef-d47a23faf1ae\u00a0\u00bb global_colors_info=\u00a0\u00bb{}\u00a0\u00bb][et_pb_column type=\u00a0\u00bb4_4&Prime; _builder_version=\u00a0\u00bb4.25.1&Prime; _module_preset=\u00a0\u00bbdefault\u00a0\u00bb global_colors_info=\u00a0\u00bb{}\u00a0\u00bb][et_pb_text _builder_version=\u00a0\u00bb4.27.4&Prime; _module_preset=\u00a0\u00bbf949ee47-301b-40d0-8548-7d720493efe0&Prime; custom_margin=\u00a0\u00bb||||false|false\u00a0\u00bb global_colors_info=\u00a0\u00bb{}\u00a0\u00bb]<\/p>\n<p><a href=\"https:\/\/www.generator-datenschutzerkl%C3%A4rung.de\" target=\"_blank\" rel=\"noopener\">Mod\u00e8le de d\u00e9claration de protection des donn\u00e9es<\/a> du <a href=\"https:\/\/www.bewertung-l%C3%B6schen24.de\" rel=\"nofollow noopener\" target=\"_blank\">cabinet d&rsquo;avocats Wei\u00df &amp; Partner<\/a><\/p>\n<p>[\/et_pb_text][\/et_pb_column][\/et_pb_row][\/et_pb_section]<\/p>\n","protected":false},"excerpt":{"rendered":"<p>D\u00e9claration de confidentialit\u00e9 Les donn\u00e9es personnelles (ci-apr\u00e8s d\u00e9nomm\u00e9es principalement \u00ab donn\u00e9es \u00bb) ne sont trait\u00e9es par nos soins que dans la mesure n\u00e9cessaire et dans le but de fournir un site Internet fonctionnel et convivial, y compris son contenu et les services qui y sont propos\u00e9s. Conform\u00e9ment \u00e0 l&rsquo;article 4, point 1, du r\u00e8glement (UE) [&hellip;]<\/p>\n","protected":false},"author":1,"featured_media":0,"parent":0,"menu_order":0,"comment_status":"closed","ping_status":"closed","template":"","meta":{"_et_pb_use_builder":"on","_et_pb_old_content":"","_et_gb_content_width":"","footnotes":""},"class_list":["post-1478","page","type-page","status-publish","hentry"],"yoast_head":"<!-- This site is optimized with the Yoast SEO plugin v27.5 - https:\/\/yoast.com\/product\/yoast-seo-wordpress\/ -->\n<title>Datenschutz - Anton Knoll<\/title>\n<meta name=\"robots\" content=\"index, follow, max-snippet:-1, max-image-preview:large, max-video-preview:-1\" \/>\n<link rel=\"canonical\" href=\"https:\/\/www.anton-knoll.de\/fr\/protection-des-donnees\/\" \/>\n<meta property=\"og:locale\" content=\"fr_FR\" \/>\n<meta property=\"og:type\" content=\"article\" \/>\n<meta property=\"og:title\" content=\"Datenschutz - Anton Knoll\" \/>\n<meta property=\"og:description\" content=\"D\u00e9claration de confidentialit\u00e9 Les donn\u00e9es personnelles (ci-apr\u00e8s d\u00e9nomm\u00e9es principalement \u00ab donn\u00e9es \u00bb) ne sont trait\u00e9es par nos soins que dans la mesure n\u00e9cessaire et dans le but de fournir un site Internet fonctionnel et convivial, y compris son contenu et les services qui y sont propos\u00e9s. Conform\u00e9ment \u00e0 l&#039;article 4, point 1, du r\u00e8glement (UE) [&hellip;]\" \/>\n<meta property=\"og:url\" content=\"https:\/\/www.anton-knoll.de\/fr\/protection-des-donnees\/\" \/>\n<meta property=\"og:site_name\" content=\"Anton Knoll\" \/>\n<meta property=\"article:modified_time\" content=\"2025-06-03T09:44:10+00:00\" \/>\n<meta name=\"twitter:card\" content=\"summary_large_image\" \/>\n<meta name=\"twitter:label1\" content=\"Dur\u00e9e de lecture estim\u00e9e\" \/>\n\t<meta name=\"twitter:data1\" content=\"19 minutes\" \/>\n<script type=\"application\/ld+json\" class=\"yoast-schema-graph\">{\"@context\":\"https:\\\/\\\/schema.org\",\"@graph\":[{\"@type\":\"WebPage\",\"@id\":\"https:\\\/\\\/www.anton-knoll.de\\\/fr\\\/protection-des-donnees\\\/\",\"url\":\"https:\\\/\\\/www.anton-knoll.de\\\/fr\\\/protection-des-donnees\\\/\",\"name\":\"Datenschutz - Anton Knoll\",\"isPartOf\":{\"@id\":\"https:\\\/\\\/www.anton-knoll.de\\\/fr\\\/#website\"},\"datePublished\":\"2024-12-20T10:09:32+00:00\",\"dateModified\":\"2025-06-03T09:44:10+00:00\",\"breadcrumb\":{\"@id\":\"https:\\\/\\\/www.anton-knoll.de\\\/fr\\\/protection-des-donnees\\\/#breadcrumb\"},\"inLanguage\":\"fr-FR\",\"potentialAction\":[{\"@type\":\"ReadAction\",\"target\":[\"https:\\\/\\\/www.anton-knoll.de\\\/fr\\\/protection-des-donnees\\\/\"]}]},{\"@type\":\"BreadcrumbList\",\"@id\":\"https:\\\/\\\/www.anton-knoll.de\\\/fr\\\/protection-des-donnees\\\/#breadcrumb\",\"itemListElement\":[{\"@type\":\"ListItem\",\"position\":1,\"name\":\"Startseite\",\"item\":\"https:\\\/\\\/www.anton-knoll.de\\\/fr\\\/\"},{\"@type\":\"ListItem\",\"position\":2,\"name\":\"Datenschutz\"}]},{\"@type\":\"WebSite\",\"@id\":\"https:\\\/\\\/www.anton-knoll.de\\\/fr\\\/#website\",\"url\":\"https:\\\/\\\/www.anton-knoll.de\\\/fr\\\/\",\"name\":\"Anton Knoll\",\"description\":\"\",\"publisher\":{\"@id\":\"https:\\\/\\\/www.anton-knoll.de\\\/fr\\\/#organization\"},\"potentialAction\":[{\"@type\":\"SearchAction\",\"target\":{\"@type\":\"EntryPoint\",\"urlTemplate\":\"https:\\\/\\\/www.anton-knoll.de\\\/fr\\\/?s={search_term_string}\"},\"query-input\":{\"@type\":\"PropertyValueSpecification\",\"valueRequired\":true,\"valueName\":\"search_term_string\"}}],\"inLanguage\":\"fr-FR\"},{\"@type\":\"Organization\",\"@id\":\"https:\\\/\\\/www.anton-knoll.de\\\/fr\\\/#organization\",\"name\":\"Anton Knoll\",\"url\":\"https:\\\/\\\/www.anton-knoll.de\\\/fr\\\/\",\"logo\":{\"@type\":\"ImageObject\",\"inLanguage\":\"fr-FR\",\"@id\":\"https:\\\/\\\/www.anton-knoll.de\\\/fr\\\/#\\\/schema\\\/logo\\\/image\\\/\",\"url\":\"http:\\\/\\\/anton-knoll.com\\\/Anton_Knoll\\\/wp-content\\\/uploads\\\/2024\\\/12\\\/logo-knoll.png\",\"contentUrl\":\"http:\\\/\\\/anton-knoll.com\\\/Anton_Knoll\\\/wp-content\\\/uploads\\\/2024\\\/12\\\/logo-knoll.png\",\"width\":594,\"height\":302,\"caption\":\"Anton Knoll\"},\"image\":{\"@id\":\"https:\\\/\\\/www.anton-knoll.de\\\/fr\\\/#\\\/schema\\\/logo\\\/image\\\/\"}}]}<\/script>\n<!-- \/ Yoast SEO plugin. -->","yoast_head_json":{"title":"Datenschutz - Anton Knoll","robots":{"index":"index","follow":"follow","max-snippet":"max-snippet:-1","max-image-preview":"max-image-preview:large","max-video-preview":"max-video-preview:-1"},"canonical":"https:\/\/www.anton-knoll.de\/fr\/protection-des-donnees\/","og_locale":"fr_FR","og_type":"article","og_title":"Datenschutz - Anton Knoll","og_description":"D\u00e9claration de confidentialit\u00e9 Les donn\u00e9es personnelles (ci-apr\u00e8s d\u00e9nomm\u00e9es principalement \u00ab donn\u00e9es \u00bb) ne sont trait\u00e9es par nos soins que dans la mesure n\u00e9cessaire et dans le but de fournir un site Internet fonctionnel et convivial, y compris son contenu et les services qui y sont propos\u00e9s. Conform\u00e9ment \u00e0 l'article 4, point 1, du r\u00e8glement (UE) [&hellip;]","og_url":"https:\/\/www.anton-knoll.de\/fr\/protection-des-donnees\/","og_site_name":"Anton Knoll","article_modified_time":"2025-06-03T09:44:10+00:00","twitter_card":"summary_large_image","twitter_misc":{"Dur\u00e9e de lecture estim\u00e9e":"19 minutes"},"schema":{"@context":"https:\/\/schema.org","@graph":[{"@type":"WebPage","@id":"https:\/\/www.anton-knoll.de\/fr\/protection-des-donnees\/","url":"https:\/\/www.anton-knoll.de\/fr\/protection-des-donnees\/","name":"Datenschutz - Anton Knoll","isPartOf":{"@id":"https:\/\/www.anton-knoll.de\/fr\/#website"},"datePublished":"2024-12-20T10:09:32+00:00","dateModified":"2025-06-03T09:44:10+00:00","breadcrumb":{"@id":"https:\/\/www.anton-knoll.de\/fr\/protection-des-donnees\/#breadcrumb"},"inLanguage":"fr-FR","potentialAction":[{"@type":"ReadAction","target":["https:\/\/www.anton-knoll.de\/fr\/protection-des-donnees\/"]}]},{"@type":"BreadcrumbList","@id":"https:\/\/www.anton-knoll.de\/fr\/protection-des-donnees\/#breadcrumb","itemListElement":[{"@type":"ListItem","position":1,"name":"Startseite","item":"https:\/\/www.anton-knoll.de\/fr\/"},{"@type":"ListItem","position":2,"name":"Datenschutz"}]},{"@type":"WebSite","@id":"https:\/\/www.anton-knoll.de\/fr\/#website","url":"https:\/\/www.anton-knoll.de\/fr\/","name":"Anton Knoll","description":"","publisher":{"@id":"https:\/\/www.anton-knoll.de\/fr\/#organization"},"potentialAction":[{"@type":"SearchAction","target":{"@type":"EntryPoint","urlTemplate":"https:\/\/www.anton-knoll.de\/fr\/?s={search_term_string}"},"query-input":{"@type":"PropertyValueSpecification","valueRequired":true,"valueName":"search_term_string"}}],"inLanguage":"fr-FR"},{"@type":"Organization","@id":"https:\/\/www.anton-knoll.de\/fr\/#organization","name":"Anton Knoll","url":"https:\/\/www.anton-knoll.de\/fr\/","logo":{"@type":"ImageObject","inLanguage":"fr-FR","@id":"https:\/\/www.anton-knoll.de\/fr\/#\/schema\/logo\/image\/","url":"http:\/\/anton-knoll.com\/Anton_Knoll\/wp-content\/uploads\/2024\/12\/logo-knoll.png","contentUrl":"http:\/\/anton-knoll.com\/Anton_Knoll\/wp-content\/uploads\/2024\/12\/logo-knoll.png","width":594,"height":302,"caption":"Anton Knoll"},"image":{"@id":"https:\/\/www.anton-knoll.de\/fr\/#\/schema\/logo\/image\/"}}]}},"_links":{"self":[{"href":"https:\/\/www.anton-knoll.de\/fr\/wp-json\/wp\/v2\/pages\/1478","targetHints":{"allow":["GET"]}}],"collection":[{"href":"https:\/\/www.anton-knoll.de\/fr\/wp-json\/wp\/v2\/pages"}],"about":[{"href":"https:\/\/www.anton-knoll.de\/fr\/wp-json\/wp\/v2\/types\/page"}],"author":[{"embeddable":true,"href":"https:\/\/www.anton-knoll.de\/fr\/wp-json\/wp\/v2\/users\/1"}],"replies":[{"embeddable":true,"href":"https:\/\/www.anton-knoll.de\/fr\/wp-json\/wp\/v2\/comments?post=1478"}],"version-history":[{"count":8,"href":"https:\/\/www.anton-knoll.de\/fr\/wp-json\/wp\/v2\/pages\/1478\/revisions"}],"predecessor-version":[{"id":1750,"href":"https:\/\/www.anton-knoll.de\/fr\/wp-json\/wp\/v2\/pages\/1478\/revisions\/1750"}],"wp:attachment":[{"href":"https:\/\/www.anton-knoll.de\/fr\/wp-json\/wp\/v2\/media?parent=1478"}],"curies":[{"name":"wp","href":"https:\/\/api.w.org\/{rel}","templated":true}]}}